{"id":29428,"date":"2023-10-09T16:23:49","date_gmt":"2023-10-09T14:23:49","guid":{"rendered":"https:\/\/innoavi.es\/?post_type=entrevistas&#038;p=29428"},"modified":"2023-11-07T10:12:43","modified_gmt":"2023-11-07T09:12:43","slug":"entrevista-gabriel-estan","status":"publish","type":"entrevistas","link":"https:\/\/innoavi.es\/en\/entrevistas\/entrevista-gabriel-estan\/","title":{"rendered":"Entrevista Gabriel Esta\u00f1"},"content":{"rendered":"<strong>Gabriel Esta\u00f1 Cerezo<\/strong>, agente de Innovaci\u00f3n en el Instituto de Investigaci\u00f3n, Desarrollo e Innovaci\u00f3n en Biotecnolog\u00eda Sanitaria de Elche (IDiBE) de la Universidad Miguel Hern\u00e1ndez (UMH) desde el a\u00f1o 2021, ocupa el puesto de responsable de la Oficina de Innovaci\u00f3n del centro. Licenciado en qu\u00edmica y doctor en s\u00edntesis org\u00e1nica ha desarrollado gran parte de su carrera profesional vinculado a la investigaci\u00f3n biom\u00e9dica y la gesti\u00f3n de la misma.","protected":false},"featured_media":0,"template":"","tipos_de_entrevistas":[760],"class_list":["post-29428","entrevistas","type-entrevistas","status-publish","hentry","tipos_de_entrevistas-entrevistas-en-pdf"],"acf":[],"yoast_head":"<!-- This site is optimized with the Yoast SEO plugin v26.7 - https:\/\/yoast.com\/wordpress\/plugins\/seo\/ -->\n<title>Entrevista Gabriel Esta\u00f1 - AVI |\u00a0Ag\u00e8ncia Valenciana de la Innovaci\u00f3<\/title>\n<meta name=\"robots\" content=\"index, follow, max-snippet:-1, max-image-preview:large, max-video-preview:-1\" \/>\n<link rel=\"canonical\" href=\"https:\/\/innoavi.es\/entrevistas\/entrevista-gabriel-estan\/\" \/>\n<meta property=\"og:locale\" content=\"en_US\" \/>\n<meta property=\"og:type\" content=\"article\" \/>\n<meta property=\"og:title\" content=\"Entrevista Gabriel Esta\u00f1 - AVI |\u00a0Ag\u00e8ncia Valenciana de la Innovaci\u00f3\" \/>\n<meta property=\"og:description\" content=\"Gabriel Esta\u00f1 Cerezo, agente de Innovaci\u00f3n en el Instituto de Investigaci\u00f3n, Desarrollo e Innovaci\u00f3n en Biotecnolog\u00eda Sanitaria de Elche (IDiBE) de la Universidad Miguel Hern\u00e1ndez (UMH) desde el a\u00f1o 2021, ocupa el puesto de responsable de la Oficina de Innovaci\u00f3n del centro. Licenciado en qu\u00edmica y doctor en s\u00edntesis org\u00e1nica ha desarrollado gran parte de su carrera profesional vinculado a la investigaci\u00f3n biom\u00e9dica y la gesti\u00f3n de la misma.\" \/>\n<meta property=\"og:url\" content=\"https:\/\/innoavi.es\/entrevistas\/entrevista-gabriel-estan\/\" \/>\n<meta property=\"og:site_name\" content=\"AVI |\u00a0Ag\u00e8ncia Valenciana de la Innovaci\u00f3\" \/>\n<meta property=\"article:modified_time\" content=\"2023-11-07T09:12:43+00:00\" \/>\n<meta name=\"twitter:card\" content=\"summary_large_image\" \/>\n<meta name=\"twitter:site\" content=\"@GVAavi\" \/>\n<meta name=\"twitter:label1\" content=\"Est. reading time\" \/>\n\t<meta name=\"twitter:data1\" content=\"1 minute\" \/>\n<script type=\"application\/ld+json\" class=\"yoast-schema-graph\">{\"@context\":\"https:\/\/schema.org\",\"@graph\":[{\"@type\":\"WebPage\",\"@id\":\"https:\/\/innoavi.es\/entrevistas\/entrevista-gabriel-estan\/\",\"url\":\"https:\/\/innoavi.es\/entrevistas\/entrevista-gabriel-estan\/\",\"name\":\"Entrevista Gabriel Esta\u00f1 - AVI |\u00a0Ag\u00e8ncia Valenciana de la Innovaci\u00f3\",\"isPartOf\":{\"@id\":\"https:\/\/innoavi.es\/es\/#website\"},\"datePublished\":\"2023-10-09T14:23:49+00:00\",\"dateModified\":\"2023-11-07T09:12:43+00:00\",\"breadcrumb\":{\"@id\":\"https:\/\/innoavi.es\/entrevistas\/entrevista-gabriel-estan\/#breadcrumb\"},\"inLanguage\":\"en-US\",\"potentialAction\":[{\"@type\":\"ReadAction\",\"target\":[\"https:\/\/innoavi.es\/entrevistas\/entrevista-gabriel-estan\/\"]}]},{\"@type\":\"BreadcrumbList\",\"@id\":\"https:\/\/innoavi.es\/entrevistas\/entrevista-gabriel-estan\/#breadcrumb\",\"itemListElement\":[{\"@type\":\"ListItem\",\"position\":1,\"name\":\"Portada\",\"item\":\"https:\/\/innoavi.es\/en\/\"},{\"@type\":\"ListItem\",\"position\":2,\"name\":\"Entrevista Gabriel Esta\u00f1\"}]},{\"@type\":\"WebSite\",\"@id\":\"https:\/\/innoavi.es\/es\/#website\",\"url\":\"https:\/\/innoavi.es\/es\/\",\"name\":\"AVI |\u00a0Ag\u00e8ncia Valenciana de la Innovaci\u00f3\",\"description\":\"P\u00e0gina web oficial de l&#039;AVI\",\"potentialAction\":[{\"@type\":\"SearchAction\",\"target\":{\"@type\":\"EntryPoint\",\"urlTemplate\":\"https:\/\/innoavi.es\/es\/?s={search_term_string}\"},\"query-input\":{\"@type\":\"PropertyValueSpecification\",\"valueRequired\":true,\"valueName\":\"search_term_string\"}}],\"inLanguage\":\"en-US\"}]}<\/script>\n<!-- \/ Yoast SEO plugin. -->","yoast_head_json":{"title":"Entrevista Gabriel Esta\u00f1 - AVI |\u00a0Ag\u00e8ncia Valenciana de la Innovaci\u00f3","robots":{"index":"index","follow":"follow","max-snippet":"max-snippet:-1","max-image-preview":"max-image-preview:large","max-video-preview":"max-video-preview:-1"},"canonical":"https:\/\/innoavi.es\/entrevistas\/entrevista-gabriel-estan\/","og_locale":"en_US","og_type":"article","og_title":"Entrevista Gabriel Esta\u00f1 - AVI |\u00a0Ag\u00e8ncia Valenciana de la Innovaci\u00f3","og_description":"Gabriel Esta\u00f1 Cerezo, agente de Innovaci\u00f3n en el Instituto de Investigaci\u00f3n, Desarrollo e Innovaci\u00f3n en Biotecnolog\u00eda Sanitaria de Elche (IDiBE) de la Universidad Miguel Hern\u00e1ndez (UMH) desde el a\u00f1o 2021, ocupa el puesto de responsable de la Oficina de Innovaci\u00f3n del centro. Licenciado en qu\u00edmica y doctor en s\u00edntesis org\u00e1nica ha desarrollado gran parte de su carrera profesional vinculado a la investigaci\u00f3n biom\u00e9dica y la gesti\u00f3n de la misma.","og_url":"https:\/\/innoavi.es\/entrevistas\/entrevista-gabriel-estan\/","og_site_name":"AVI |\u00a0Ag\u00e8ncia Valenciana de la Innovaci\u00f3","article_modified_time":"2023-11-07T09:12:43+00:00","twitter_card":"summary_large_image","twitter_site":"@GVAavi","twitter_misc":{"Est. reading time":"1 minute"},"schema":{"@context":"https:\/\/schema.org","@graph":[{"@type":"WebPage","@id":"https:\/\/innoavi.es\/entrevistas\/entrevista-gabriel-estan\/","url":"https:\/\/innoavi.es\/entrevistas\/entrevista-gabriel-estan\/","name":"Entrevista Gabriel Esta\u00f1 - AVI |\u00a0Ag\u00e8ncia Valenciana de la Innovaci\u00f3","isPartOf":{"@id":"https:\/\/innoavi.es\/es\/#website"},"datePublished":"2023-10-09T14:23:49+00:00","dateModified":"2023-11-07T09:12:43+00:00","breadcrumb":{"@id":"https:\/\/innoavi.es\/entrevistas\/entrevista-gabriel-estan\/#breadcrumb"},"inLanguage":"en-US","potentialAction":[{"@type":"ReadAction","target":["https:\/\/innoavi.es\/entrevistas\/entrevista-gabriel-estan\/"]}]},{"@type":"BreadcrumbList","@id":"https:\/\/innoavi.es\/entrevistas\/entrevista-gabriel-estan\/#breadcrumb","itemListElement":[{"@type":"ListItem","position":1,"name":"Portada","item":"https:\/\/innoavi.es\/en\/"},{"@type":"ListItem","position":2,"name":"Entrevista Gabriel Esta\u00f1"}]},{"@type":"WebSite","@id":"https:\/\/innoavi.es\/es\/#website","url":"https:\/\/innoavi.es\/es\/","name":"AVI |\u00a0Ag\u00e8ncia Valenciana de la Innovaci\u00f3","description":"P\u00e0gina web oficial de l&#039;AVI","potentialAction":[{"@type":"SearchAction","target":{"@type":"EntryPoint","urlTemplate":"https:\/\/innoavi.es\/es\/?s={search_term_string}"},"query-input":{"@type":"PropertyValueSpecification","valueRequired":true,"valueName":"search_term_string"}}],"inLanguage":"en-US"}]}},"_links":{"self":[{"href":"https:\/\/innoavi.es\/en\/wp-json\/wp\/v2\/entrevistas\/29428","targetHints":{"allow":["GET"]}}],"collection":[{"href":"https:\/\/innoavi.es\/en\/wp-json\/wp\/v2\/entrevistas"}],"about":[{"href":"https:\/\/innoavi.es\/en\/wp-json\/wp\/v2\/types\/entrevistas"}],"wp:attachment":[{"href":"https:\/\/innoavi.es\/en\/wp-json\/wp\/v2\/media?parent=29428"}],"wp:term":[{"taxonomy":"tipos_de_entrevistas","embeddable":true,"href":"https:\/\/innoavi.es\/en\/wp-json\/wp\/v2\/tipos_de_entrevistas?post=29428"}],"curies":[{"name":"wp","href":"https:\/\/api.w.org\/{rel}","templated":true}]}}